{"id":4199,"date":"2015-03-11T17:01:48","date_gmt":"2015-03-11T20:01:48","guid":{"rendered":"http:\/\/www.butokukaisa.com.br\/?page_id=4199"},"modified":"2024-12-22T19:39:27","modified_gmt":"2024-12-22T22:39:27","slug":"horarios-de-funcionamento","status":"publish","type":"page","link":"https:\/\/butokukaisa.com.br\/site\/horarios-de-funcionamento\/","title":{"rendered":"HOR\u00c1RIOS E DIA DAS AULAS  DE KARAT\u00ca"},"content":{"rendered":"\t\t<div data-elementor-type=\"wp-page\" data-elementor-id=\"4199\" class=\"elementor elementor-4199\">\n\t\t\t\t\t\t<section class=\"elementor-section elementor-top-section elementor-element elementor-element-13badf7f elementor-section-boxed elementor-section-height-default elementor-section-height-default\" data-id=\"13badf7f\" data-element_type=\"section\">\n\t\t\t\t\t\t<div class=\"elementor-container elementor-column-gap-default\">\n\t\t\t\t\t<div class=\"elementor-column elementor-col-100 elementor-top-column elementor-element elementor-element-4b613e2\" data-id=\"4b613e2\" data-element_type=\"column\">\n\t\t\t<div class=\"elementor-widget-wrap elementor-element-populated\">\n\t\t\t\t\t\t<div class=\"elementor-element elementor-element-3b9e225d elementor-widget elementor-widget-text-editor\" data-id=\"3b9e225d\" data-element_type=\"widget\" data-widget_type=\"text-editor.default\">\n\t\t\t\t<div class=\"elementor-widget-container\">\n\t\t\t\t\t\t\t\t\t<h4 style=\"text-align: left;\"><span style=\"color: #000080;\"><strong>SEDE DOJ\u00d4 &#8211; Associa\u00e7\u00e3o Esportiva e Cultural de karat\u00ea\u00a0 Butoku-kai Santo Ant\u00f4nio (ASKABUSA- Butokukaisa) :<\/strong><\/span><\/h4><p>\u00a0<\/p><h4 style=\"text-align: left;\">PRA\u00c7A DA BANDEIRA, 86 &#8211; 3\u00ba andar &#8211; Bairro\u00a0 SANTO ANTONIO &#8211; CEP: 29026-070 &#8211; Vit\u00f3ria\/ES<\/h4><p>\u00a0<\/p><h1 style=\"text-align: center;\"><strong>Hor\u00e1rios das aulas e dias da semana\u00a0<\/strong><\/h1><h1 style=\"text-align: center;\"><strong> Ter\u00e7a e quinta-feiras<\/strong><\/h1><p>\u00a0<\/p><h1 style=\"text-align: center;\"><span style=\"text-decoration: underline; color: #000080;\"><strong>\u00c1 tarde e noite<\/strong><\/span><\/h1><p>\u00a0<\/p><ul><li style=\"text-align: left;\"><h3><strong>\u00a0<\/strong>1<strong>7h \u00c0S 18h\u00a0Juvenil e Adulto<\/strong><\/h3><\/li><li style=\"text-align: left;\"><h3><strong>\u00a018h30min \u00e1s\u00a0 19h30min a partir de\u00a0 05\u00a0 a 14 anos\u00a0<\/strong><\/h3><\/li><li style=\"text-align: left;\"><h3><strong>\u00a019h30min \u00e0s 21h: Juvenil e Adulto<\/strong><\/h3><\/li><\/ul><p>\u00a0<\/p><h2 style=\"text-align: center;\"><span style=\"text-decoration: underline; color: #000080;\"><strong><span>Segunda e quarta-feira &#8211; manh\u00e3 &#8211; a partir\u00a0 de 05 a 14 anos<\/span><\/strong><\/span><\/h2><p>\u00a0<\/p><h3 style=\"text-align: center;\"><strong>Hor\u00e1rio: 08h30min \u00e1s 09h30min<\/strong><\/h3><h1 style=\"text-align: center;\">\u00a0<span style=\"text-decoration: underline;\"><em><strong>Aula aos s\u00e1bados<\/strong><\/em><\/span><\/h1><h3 style=\"text-align: center;\"><strong>Hor\u00e1rio: 09h30min \u00e1s 11h.<\/strong><\/h3><p>\u00a0<\/p><h5><strong>AULA DE PERSONAL\u00a0\u00a0<\/strong><\/h5><h5 style=\"text-align: left;\"><strong>PACOTES TRIMESTRAL e PACOTES FAMILIAR Com DESC.\u00a0<\/strong><\/h5><h5><strong>Pacotes on-line: Aulas 2 ou 3 vezes por semana durante o m\u00eas, consulte os valores<\/strong><\/h5><h5><strong>Pacotes de Personal Trainer &#8211; Kata &#8211; Shiai-Kumite, consulte os valores<\/strong><\/h5><p style=\"text-align: left;\"><strong>VALORES ESPEC\u00cdFICOS PARA OS ALUNOS QUE TREINAM APENAS AOS S\u00c1BADOS<\/strong><\/p><h2>\u00a0<\/h2><h2 style=\"text-align: center;\"><strong>VAGAS PARA CRIAN\u00c7AS A PARTIR DE 05 ANOS<\/strong><\/h2><p style=\"text-align: center;\"><strong>ATENDEMOS ADULTO &#8211; MASCULINO E FEMININO DE TODAS AS IDADES\u00a0<\/strong><\/p><p>\u00a0<\/p><h2><strong>ATIVIDADES DESENVOLVIDAS:<\/strong><\/h2><ul><li>KARATE ESPORTIVO<\/li><li>KARATE-DO<\/li><li>KARATE PARA CRIAN\u00c7AS<\/li><li>KARATE PARA DEFESA PESSOAL<\/li><li>KARATE PARA TODAS IDADES<\/li><li>TREINAMENTO PARA ATLETAS DE ALTO RENDIMENTO<\/li><li>PERSONAL\u00a0 TRAINER &#8211; KATA E SHIAI-KUMITE<\/li><li>PERSONAL TRAINER &#8211; FUNCIONAL<\/li><\/ul><h3 style=\"text-align: center;\">Informa\u00e7\u00f5es pelos telefones:<\/h3><h3 style=\"text-align: center;\">\u00a027-<strong> 9.9733-0717 (whatsapp) ou 27- 9.8818-1378\u00a0<\/strong><\/h3><p style=\"text-align: center;\">E-MAIL: CARLOSDOKARATE@GMAIL.COM<\/p><h3 style=\"text-align: center;\">Shihan Carlos Alberto da Silva Alves<\/h3><p style=\"text-align: center;\"><strong>7\u00ba Dan de Karat\u00ea Shotokan &#8211; Filiadoa FEK\/CBK<\/strong><\/p><p style=\"text-align: center;\"><strong>Presidente &#8211; Diretor T\u00e9cnico da Butokukaisa (Askabusa)<\/strong><\/p><p style=\"text-align: center;\"><strong>Diretor T\u00e9cnico da FEK DE 2017 A 2025<\/strong><\/p><p style=\"text-align: center;\"><strong>T\u00e9cnico da Sele\u00e7\u00e3o Brasileira de Karat\u00ea (CBK) DESDE 2019<\/strong><\/p><p style=\"text-align: center;\"><strong>Bacharelado em Educa\u00e7\u00e3o F\u00edsica 8\u00ba per\u00edodo da FACULDADE MULTIVIX \/SERRA-ES<\/strong><\/p><h2 style=\"text-align: center;\"><strong>\u00a034 ANOS FORMANDO ATLETAS E CIDAD\u00c3OS<\/strong><\/h2><h3 style=\"text-align: center;\"><strong>FUNDADA DESDE 1990<\/strong><\/h3><p style=\"text-align: center;\"><strong>O DOJO \u00c9 TODO HIGIENIZADO E MANTENDO \u00c1S NORMAS DA SECRET\u00c1RIA DE SA\u00daDE<\/strong><\/p><p style=\"text-align: center;\"><strong>COM EQUIPAMENTOS ADEQUADOS PARA \u00c1S AULAS DI\u00c1RIAS<\/strong><\/p><h5 style=\"text-align: center;\"><strong>Estacionamento pr\u00f3ximo ao local<\/strong><\/h5><p>\u00a0<\/p><p>\u00a0<\/p><p>\u00a0<\/p><p>\u00a0<\/p><p>\u00a0<\/p>\t\t\t\t\t\t\t\t<\/div>\n\t\t\t\t<\/div>\n\t\t\t\t\t<\/div>\n\t\t<\/div>\n\t\t\t\t\t<\/div>\n\t\t<\/section>\n\t\t\t\t<\/div>\n\t\t","protected":false},"excerpt":{"rendered":"<p>SEDE DOJ\u00d4 &#8211; Associa\u00e7\u00e3o Esportiva e Cultural de karat\u00ea\u00a0 Butoku-kai Santo Ant\u00f4nio (ASKABUSA- Butokukaisa) : \u00a0 PRA\u00c7A DA BANDEIRA, 86 &#8211; 3\u00ba andar &#8211; Bairro\u00a0 SANTO ANTONIO &#8211; CEP: 29026-070 &#8211; Vit\u00f3ria\/ES \u00a0 Hor\u00e1rios das aulas e dias da semana\u00a0 Ter\u00e7a e quinta-feiras \u00a0 \u00c1 tarde e noite \u00a0 \u00a017h \u00c0S 18h\u00a0Juvenil e Adulto \u00a018h30min [&hellip;]<\/p>\n","protected":false},"author":1,"featured_media":0,"parent":0,"menu_order":0,"comment_status":"closed","ping_status":"closed","template":"","meta":{"_blockly_fonts_attr":"","footnotes":""},"class_list":["post-4199","page","type-page","status-publish","hentry"],"_links":{"self":[{"href":"https:\/\/butokukaisa.com.br\/site\/wp-json\/wp\/v2\/pages\/4199","targetHints":{"allow":["GET"]}}],"collection":[{"href":"https:\/\/butokukaisa.com.br\/site\/wp-json\/wp\/v2\/pages"}],"about":[{"href":"https:\/\/butokukaisa.com.br\/site\/wp-json\/wp\/v2\/types\/page"}],"author":[{"embeddable":true,"href":"https:\/\/butokukaisa.com.br\/site\/wp-json\/wp\/v2\/users\/1"}],"replies":[{"embeddable":true,"href":"https:\/\/butokukaisa.com.br\/site\/wp-json\/wp\/v2\/comments?post=4199"}],"version-history":[{"count":3,"href":"https:\/\/butokukaisa.com.br\/site\/wp-json\/wp\/v2\/pages\/4199\/revisions"}],"predecessor-version":[{"id":5814,"href":"https:\/\/butokukaisa.com.br\/site\/wp-json\/wp\/v2\/pages\/4199\/revisions\/5814"}],"wp:attachment":[{"href":"https:\/\/butokukaisa.com.br\/site\/wp-json\/wp\/v2\/media?parent=4199"}],"curies":[{"name":"wp","href":"https:\/\/api.w.org\/{rel}","templated":true}]}}